{"id":1919,"date":"2020-07-24T08:26:44","date_gmt":"2020-07-24T08:26:44","guid":{"rendered":"http:\/\/csasevilla.org\/WordPress\/?page_id=1919"},"modified":"2020-08-03T10:23:42","modified_gmt":"2020-08-03T10:23:42","slug":"ipad","status":"publish","type":"page","link":"https:\/\/csasevilla.org\/WordPress\/index.php\/ipad","title":{"rendered":"Ipad"},"content":{"rendered":"\t\t<div data-elementor-type=\"wp-page\" data-elementor-id=\"1919\" class=\"elementor elementor-1919\" data-elementor-post-type=\"page\">\n\t\t\t\t\t\t<article class=\"elementor-section elementor-top-section elementor-element elementor-element-e4254d2 elementor-section-boxed elementor-section-height-default elementor-section-height-default wpr-particle-no wpr-jarallax-no wpr-parallax-no wpr-sticky-section-no\" data-id=\"e4254d2\" data-element_type=\"section\">\n\t\t\t\t\t\t<div class=\"elementor-container elementor-column-gap-default\">\n\t\t\t\t\t<div class=\"elementor-column elementor-col-50 elementor-top-column elementor-element elementor-element-eed2d77\" data-id=\"eed2d77\" data-element_type=\"column\">\n\t\t\t<div class=\"elementor-widget-wrap elementor-element-populated\">\n\t\t\t\t\t\t<div class=\"elementor-element elementor-element-2936a24 elementor-widget elementor-widget-heading\" data-id=\"2936a24\" data-element_type=\"widget\" data-widget_type=\"heading.default\">\n\t\t\t\t<div class=\"elementor-widget-container\">\n\t\t\t\t\t<h2 class=\"elementor-heading-title elementor-size-default\">Proyecto Ipad 1:1<\/h2>\t\t\t\t<\/div>\n\t\t\t\t<\/div>\n\t\t\t\t<div class=\"elementor-element elementor-element-47b38f0 elementor-widget elementor-widget-text-editor\" data-id=\"47b38f0\" data-element_type=\"widget\" data-widget_type=\"text-editor.default\">\n\t\t\t\t<div class=\"elementor-widget-container\">\n\t\t\t\t\t\t\t\t\t<p>Consiste en que cada alumno de ESO disponga de un iPad propio en el aula y en casa, como una herramienta pedag\u00f3gica m\u00e1s de uso diario.<\/p><p><strong>Justificaci\u00f3n<\/strong><\/p><p>Nuestro Colegio, con la intenci\u00f3n de mejorar la educaci\u00f3n que recibe nuestro alumnado ha planteado un modelo pedag\u00f3gico en la Educaci\u00f3n Secundaria que reforzar\u00e1 sus competencias para comunicarse, trabajar en equipo y desarrollar una forma m\u00e1s activa de aprender.<\/p><p>El mundo ha cambiado de una forma r\u00e1pida en los \u00faltimos a\u00f1os. Las competencias que requieren las empresas no tienen nada que ver con las que requer\u00edan en otros momentos. Ahora, nuestros estudiantes, deben estar preparados para tener iniciativa, desarrollar propuestas empresariales propias, comunicarse de forma efectiva y estar habituados al trabajo en equipo.<\/p>\t\t\t\t\t\t\t\t<\/div>\n\t\t\t\t<\/div>\n\t\t\t\t\t<\/div>\n\t\t<\/div>\n\t\t\t\t<div class=\"elementor-column elementor-col-50 elementor-top-column elementor-element elementor-element-55ea8a7\" data-id=\"55ea8a7\" data-element_type=\"column\" data-settings=\"{&quot;background_background&quot;:&quot;classic&quot;,&quot;motion_fx_motion_fx_mouse&quot;:&quot;yes&quot;}\">\n\t\t\t<div class=\"elementor-widget-wrap elementor-element-populated\">\n\t\t\t\t\t\t<div class=\"elementor-element elementor-element-b3e2874 elementor-widget elementor-widget-image\" data-id=\"b3e2874\" data-element_type=\"widget\" data-widget_type=\"image.default\">\n\t\t\t\t<div class=\"elementor-widget-container\">\n\t\t\t\t\t\t\t\t\t\t\t\t\t\t\t<img fetchpriority=\"high\" decoding=\"async\" width=\"800\" height=\"891\" src=\"https:\/\/csasevilla.org\/WordPress\/wp-content\/uploads\/2020\/08\/IMG_33DC40289054-1-919x1024.jpeg\" class=\"attachment-large size-large wp-image-2336\" alt=\"\" srcset=\"https:\/\/csasevilla.org\/WordPress\/wp-content\/uploads\/2020\/08\/IMG_33DC40289054-1-919x1024.jpeg 919w, https:\/\/csasevilla.org\/WordPress\/wp-content\/uploads\/2020\/08\/IMG_33DC40289054-1-269x300.jpeg 269w, https:\/\/csasevilla.org\/WordPress\/wp-content\/uploads\/2020\/08\/IMG_33DC40289054-1-768x856.jpeg 768w, https:\/\/csasevilla.org\/WordPress\/wp-content\/uploads\/2020\/08\/IMG_33DC40289054-1.jpeg 1207w\" sizes=\"(max-width: 800px) 100vw, 800px\" \/>\t\t\t\t\t\t\t\t\t\t\t\t\t\t\t<\/div>\n\t\t\t\t<\/div>\n\t\t\t\t\t<\/div>\n\t\t<\/div>\n\t\t\t\t\t<\/div>\n\t\t<\/article>\n\t\t\t\t<article class=\"elementor-section elementor-top-section elementor-element elementor-element-ea5a783 elementor-section-boxed elementor-section-height-default elementor-section-height-default wpr-particle-no wpr-jarallax-no wpr-parallax-no wpr-sticky-section-no\" data-id=\"ea5a783\" data-element_type=\"section\">\n\t\t\t\t\t\t<div class=\"elementor-container elementor-column-gap-default\">\n\t\t\t\t\t<div class=\"elementor-column elementor-col-50 elementor-top-column elementor-element elementor-element-5ccc6ba\" data-id=\"5ccc6ba\" data-element_type=\"column\" data-settings=\"{&quot;background_background&quot;:&quot;classic&quot;}\">\n\t\t\t<div class=\"elementor-widget-wrap elementor-element-populated\">\n\t\t\t\t\t\t<div class=\"elementor-element elementor-element-b88e854 elementor-widget elementor-widget-video\" data-id=\"b88e854\" data-element_type=\"widget\" data-settings=\"{&quot;youtube_url&quot;:&quot;https:\\\/\\\/www.youtube.com\\\/watch?time_continue=19&amp;v=bvPcMdG-l_g&amp;feature=emb_logo&quot;,&quot;video_type&quot;:&quot;youtube&quot;,&quot;controls&quot;:&quot;yes&quot;}\" data-widget_type=\"video.default\">\n\t\t\t\t<div class=\"elementor-widget-container\">\n\t\t\t\t\t\t\t<div class=\"elementor-wrapper elementor-open-inline\">\n\t\t\t<div class=\"elementor-video\"><\/div>\t\t<\/div>\n\t\t\t\t\t\t<\/div>\n\t\t\t\t<\/div>\n\t\t\t\t\t<\/div>\n\t\t<\/div>\n\t\t\t\t<div class=\"elementor-column elementor-col-50 elementor-top-column elementor-element elementor-element-77fc237\" data-id=\"77fc237\" data-element_type=\"column\">\n\t\t\t<div class=\"elementor-widget-wrap elementor-element-populated\">\n\t\t\t\t\t\t<div class=\"elementor-element elementor-element-17e959f elementor-widget elementor-widget-text-editor\" data-id=\"17e959f\" data-element_type=\"widget\" data-widget_type=\"text-editor.default\">\n\t\t\t\t<div class=\"elementor-widget-container\">\n\t\t\t\t\t\t\t\t\t<p>Por esta raz\u00f3n, nuestro centro, como no puede ser de otra forma, quiere ofertar una educaci\u00f3n acorde con nuestro tiempo, d\u00e1ndole a nuestros estudiantes las mejores herramientas para ampliar su educaci\u00f3n, profundizar en los contenidos y ser capaces de trabajar de forma creativa.<\/p><p>La tecnolog\u00eda puede transformar nuestra pr\u00e1ctica docente y crear experiencias educativas \u00fanicas. La tecnolog\u00eda no son solo herramientas, son contextos y entornos en los qu\u00e9 vivimos. Y como tal contexto es importante incluirlo tambi\u00e9n en el entorno educativo. Utilizamos la tecnolog\u00eda dentro y fuera del aula para crear, descubrir, leer, bailar\u2026<\/p>\t\t\t\t\t\t\t\t<\/div>\n\t\t\t\t<\/div>\n\t\t\t\t\t<\/div>\n\t\t<\/div>\n\t\t\t\t\t<\/div>\n\t\t<\/article>\n\t\t\t\t<article class=\"elementor-section elementor-top-section elementor-element elementor-element-a6489bb elementor-section-boxed elementor-section-height-default elementor-section-height-default wpr-particle-no wpr-jarallax-no wpr-parallax-no wpr-sticky-section-no\" data-id=\"a6489bb\" data-element_type=\"section\">\n\t\t\t\t\t\t<div class=\"elementor-container elementor-column-gap-default\">\n\t\t\t\t\t<div class=\"elementor-column elementor-col-50 elementor-top-column elementor-element elementor-element-51c7c20\" data-id=\"51c7c20\" data-element_type=\"column\">\n\t\t\t<div class=\"elementor-widget-wrap elementor-element-populated\">\n\t\t\t\t\t\t<div class=\"elementor-element elementor-element-0f3b054 elementor-widget elementor-widget-text-editor\" data-id=\"0f3b054\" data-element_type=\"widget\" data-widget_type=\"text-editor.default\">\n\t\t\t\t<div class=\"elementor-widget-container\">\n\t\t\t\t\t\t\t\t\t<p>Con este proyecto, los docentes pasaremos a ser gu\u00edas y los estudiantes ser\u00e1n los due\u00f1os de su propio aprendizaje; un aprendizaje significativo y emocionante.<\/p><p>Est\u00e1 demostrado que la utilizaci\u00f3n de tecnolog\u00eda en la ense\u00f1anza mueve a los alumnos a sentirse protagonistas de su propio aprendizaje, lo que les ayuda a desarrollar la creatividad y facilita el trabajo cooperativo, la atenci\u00f3n a la diversidad y la incorporaci\u00f3n de valores.<\/p>\t\t\t\t\t\t\t\t<\/div>\n\t\t\t\t<\/div>\n\t\t\t\t\t<\/div>\n\t\t<\/div>\n\t\t\t\t<div class=\"elementor-column elementor-col-50 elementor-top-column elementor-element elementor-element-0ae4763\" data-id=\"0ae4763\" data-element_type=\"column\" data-settings=\"{&quot;background_background&quot;:&quot;classic&quot;}\">\n\t\t\t<div class=\"elementor-widget-wrap elementor-element-populated\">\n\t\t\t\t\t\t<div class=\"elementor-element elementor-element-5bc0a9e elementor-widget elementor-widget-video\" data-id=\"5bc0a9e\" data-element_type=\"widget\" data-settings=\"{&quot;youtube_url&quot;:&quot;https:\\\/\\\/youtu.be\\\/U9B__UpX6pM&quot;,&quot;video_type&quot;:&quot;youtube&quot;,&quot;controls&quot;:&quot;yes&quot;}\" data-widget_type=\"video.default\">\n\t\t\t\t<div class=\"elementor-widget-container\">\n\t\t\t\t\t\t\t<div class=\"elementor-wrapper elementor-open-inline\">\n\t\t\t<div class=\"elementor-video\"><\/div>\t\t<\/div>\n\t\t\t\t\t\t<\/div>\n\t\t\t\t<\/div>\n\t\t\t\t\t<\/div>\n\t\t<\/div>\n\t\t\t\t\t<\/div>\n\t\t<\/article>\n\t\t\t\t<article class=\"elementor-section elementor-top-section elementor-element elementor-element-4309f5a elementor-section-boxed elementor-section-height-default elementor-section-height-default wpr-particle-no wpr-jarallax-no wpr-parallax-no wpr-sticky-section-no\" data-id=\"4309f5a\" data-element_type=\"section\">\n\t\t\t\t\t\t<div class=\"elementor-container elementor-column-gap-default\">\n\t\t\t\t\t<div class=\"elementor-column elementor-col-50 elementor-top-column elementor-element elementor-element-c1abe23\" data-id=\"c1abe23\" data-element_type=\"column\" data-settings=\"{&quot;background_background&quot;:&quot;classic&quot;}\">\n\t\t\t<div class=\"elementor-widget-wrap elementor-element-populated\">\n\t\t\t\t\t\t<div class=\"elementor-element elementor-element-fcf694f elementor-widget elementor-widget-video\" data-id=\"fcf694f\" data-element_type=\"widget\" data-settings=\"{&quot;youtube_url&quot;:&quot;https:\\\/\\\/youtu.be\\\/iZwmtuIYd1w&quot;,&quot;video_type&quot;:&quot;youtube&quot;,&quot;controls&quot;:&quot;yes&quot;}\" data-widget_type=\"video.default\">\n\t\t\t\t<div class=\"elementor-widget-container\">\n\t\t\t\t\t\t\t<div class=\"elementor-wrapper elementor-open-inline\">\n\t\t\t<div class=\"elementor-video\"><\/div>\t\t<\/div>\n\t\t\t\t\t\t<\/div>\n\t\t\t\t<\/div>\n\t\t\t\t\t<\/div>\n\t\t<\/div>\n\t\t\t\t<div class=\"elementor-column elementor-col-50 elementor-top-column elementor-element elementor-element-39cc720\" data-id=\"39cc720\" data-element_type=\"column\">\n\t\t\t<div class=\"elementor-widget-wrap elementor-element-populated\">\n\t\t\t\t\t\t<div class=\"elementor-element elementor-element-5a8e2e9 elementor-widget elementor-widget-text-editor\" data-id=\"5a8e2e9\" data-element_type=\"widget\" data-widget_type=\"text-editor.default\">\n\t\t\t\t<div class=\"elementor-widget-container\">\n\t\t\t\t\t\t\t\t\t<p><strong>Objetivos del proyecto<\/strong><\/p><ul><li>Promover la motivaci\u00f3n del alumnado, a la vez que estimular su inteligencia y voluntad de aprendizaje.<\/li><li>Lograr estrategias m\u00e1s complejas de pensamiento en el alumnado.<\/li><li>Permitir al profesorado un ritmo de trabajo completamente personalizado y adaptado a cada alumno\/a.<\/li><li>Fomentar una mayor creatividad en la comunicaci\u00f3n.<\/li><li>Tener acceso directo a la informaci\u00f3n.<\/li><li>Generar nuevas posibilidades para trabajar en grupo.<\/li><\/ul>\t\t\t\t\t\t\t\t<\/div>\n\t\t\t\t<\/div>\n\t\t\t\t\t<\/div>\n\t\t<\/div>\n\t\t\t\t\t<\/div>\n\t\t<\/article>\n\t\t\t\t<\/div>\n\t\t","protected":false},"excerpt":{"rendered":"<p>Proyecto Ipad 1:1 Consiste en que cada alumno de ESO disponga de un iPad propio en el aula y en casa, como una herramienta pedag\u00f3gica m\u00e1s de uso diario. Justificaci\u00f3n Nuestro Colegio, con la intenci\u00f3n de mejorar la educaci\u00f3n que recibe nuestro alumnado ha planteado un modelo pedag\u00f3gico en la Educaci\u00f3n Secundaria que reforzar\u00e1 sus competencias para comunicarse, trabajar en equipo y desarrollar una forma m\u00e1s activa de aprender. El mundo ha cambiado de una forma r\u00e1pida en los \u00faltimos a\u00f1os. Las competencias que requieren las empresas no tienen nada que ver con las que requer\u00edan en otros momentos. Ahora, nuestros estudiantes, deben estar preparados para tener iniciativa, desarrollar propuestas empresariales propias, comunicarse de forma efectiva y estar habituados al trabajo en equipo. https:\/\/www.youtube.com\/watch?time_continue=19&#038;v=bvPcMdG-l_g&#038;feature=emb_logo Por esta raz\u00f3n, nuestro centro, como no puede ser de otra forma, quiere ofertar una educaci\u00f3n acorde con nuestro tiempo, d\u00e1ndole a nuestros estudiantes las mejores herramientas para ampliar su educaci\u00f3n, profundizar en los contenidos y ser capaces de trabajar de forma creativa. La tecnolog\u00eda puede transformar nuestra pr\u00e1ctica docente y crear experiencias educativas \u00fanicas. La tecnolog\u00eda no son solo herramientas, son contextos y entornos en los qu\u00e9 vivimos. Y como tal contexto es importante incluirlo tambi\u00e9n en el entorno educativo. Utilizamos la tecnolog\u00eda dentro y fuera del aula para crear, descubrir, leer, bailar\u2026 Con este proyecto, los docentes pasaremos a ser gu\u00edas y los estudiantes ser\u00e1n los due\u00f1os de su propio aprendizaje; un aprendizaje significativo y emocionante. Est\u00e1 demostrado que la utilizaci\u00f3n de tecnolog\u00eda en la ense\u00f1anza mueve a los alumnos a sentirse protagonistas de su propio aprendizaje, lo que les ayuda a desarrollar la creatividad y facilita el trabajo cooperativo, la atenci\u00f3n a la diversidad y la incorporaci\u00f3n de valores. https:\/\/youtu.be\/U9B__UpX6pMhttps:\/\/youtu.be\/iZwmtuIYd1w Objetivos del proyecto Promover la motivaci\u00f3n del alumnado, a la vez que estimular su inteligencia y voluntad de aprendizaje. Lograr estrategias m\u00e1s complejas de pensamiento en el alumnado. Permitir al profesorado un ritmo de trabajo completamente personalizado y adaptado a cada alumno\/a. Fomentar una mayor creatividad en la comunicaci\u00f3n. Tener acceso directo a la informaci\u00f3n. Generar nuevas posibilidades para trabajar en grupo.<\/p>\n","protected":false},"author":1,"featured_media":0,"parent":0,"menu_order":0,"comment_status":"closed","ping_status":"closed","template":"","meta":{"footnotes":""},"wf_page_folders":[18],"class_list":["post-1919","page","type-page","status-publish","hentry"],"_links":{"self":[{"href":"https:\/\/csasevilla.org\/WordPress\/index.php\/wp-json\/wp\/v2\/pages\/1919","targetHints":{"allow":["GET"]}}],"collection":[{"href":"https:\/\/csasevilla.org\/WordPress\/index.php\/wp-json\/wp\/v2\/pages"}],"about":[{"href":"https:\/\/csasevilla.org\/WordPress\/index.php\/wp-json\/wp\/v2\/types\/page"}],"author":[{"embeddable":true,"href":"https:\/\/csasevilla.org\/WordPress\/index.php\/wp-json\/wp\/v2\/users\/1"}],"replies":[{"embeddable":true,"href":"https:\/\/csasevilla.org\/WordPress\/index.php\/wp-json\/wp\/v2\/comments?post=1919"}],"version-history":[{"count":20,"href":"https:\/\/csasevilla.org\/WordPress\/index.php\/wp-json\/wp\/v2\/pages\/1919\/revisions"}],"predecessor-version":[{"id":2346,"href":"https:\/\/csasevilla.org\/WordPress\/index.php\/wp-json\/wp\/v2\/pages\/1919\/revisions\/2346"}],"wp:attachment":[{"href":"https:\/\/csasevilla.org\/WordPress\/index.php\/wp-json\/wp\/v2\/media?parent=1919"}],"wp:term":[{"taxonomy":"wf_page_folders","embeddable":true,"href":"https:\/\/csasevilla.org\/WordPress\/index.php\/wp-json\/wp\/v2\/wf_page_folders?post=1919"}],"curies":[{"name":"wp","href":"https:\/\/api.w.org\/{rel}","templated":true}]}}